{"version":"1.0","provider_name":"Carlos Magari\u00f1os","provider_url":"https:\/\/carlosmagarinos.com\/es","title":"Participaci\u00f3n ciudadana y manifestaciones organizadas espont\u00e1neamente - Carlos Magari\u00f1os","type":"rich","width":600,"height":338,"html":"<blockquote class=\"wp-embedded-content\" data-secret=\"Gt8hGx2Ex6\"><a href=\"https:\/\/carlosmagarinos.com\/es\/participacion-y-manifestacion-ciudadana\/\">Participaci\u00f3n ciudadana y manifestaciones organizadas espont\u00e1neamente<\/a><\/blockquote><iframe sandbox=\"allow-scripts\" security=\"restricted\" src=\"https:\/\/carlosmagarinos.com\/es\/participacion-y-manifestacion-ciudadana\/embed\/#?secret=Gt8hGx2Ex6\" width=\"600\" height=\"338\" title=\"\u00abParticipaci\u00f3n ciudadana y manifestaciones organizadas espont\u00e1neamente\u00bb \u2014 Carlos Magari\u00f1os\" data-secret=\"Gt8hGx2Ex6\" frameborder=\"0\" marginwidth=\"0\" marginheight=\"0\" scrolling=\"no\" class=\"wp-embedded-content\"><\/iframe><script type=\"text\/javascript\">\n\/* <![CDATA[ *\/\n\/*! This file is auto-generated *\/\n!function(d,l){\"use strict\";l.querySelector&&d.addEventListener&&\"undefined\"!=typeof URL&&(d.wp=d.wp||{},d.wp.receiveEmbedMessage||(d.wp.receiveEmbedMessage=function(e){var t=e.data;if((t||t.secret||t.message||t.value)&&!\/[^a-zA-Z0-9]\/.test(t.secret)){for(var s,r,n,a=l.querySelectorAll('iframe[data-secret=\"'+t.secret+'\"]'),o=l.querySelectorAll('blockquote[data-secret=\"'+t.secret+'\"]'),c=new RegExp(\"^https?:$\",\"i\"),i=0;i<o.length;i++)o[i].style.display=\"none\";for(i=0;i<a.length;i++)s=a[i],e.source===s.contentWindow&&(s.removeAttribute(\"style\"),\"height\"===t.message?(1e3<(r=parseInt(t.value,10))?r=1e3:~~r<200&&(r=200),s.height=r):\"link\"===t.message&&(r=new URL(s.getAttribute(\"src\")),n=new URL(t.value),c.test(n.protocol))&&n.host===r.host&&l.activeElement===s&&(d.top.location.href=t.value))}},d.addEventListener(\"message\",d.wp.receiveEmbedMessage,!1),l.addEventListener(\"DOMContentLoaded\",function(){for(var e,t,s=l.querySelectorAll(\"iframe.wp-embedded-content\"),r=0;r<s.length;r++)(t=(e=s[r]).getAttribute(\"data-secret\"))||(t=Math.random().toString(36).substring(2,12),e.src+=\"#?secret=\"+t,e.setAttribute(\"data-secret\",t)),e.contentWindow.postMessage({message:\"ready\",secret:t},\"*\")},!1)))}(window,document);\n\/* ]]> *\/\n<\/script>\n","thumbnail_url":"https:\/\/carlosmagarinos.com\/wp-content\/uploads\/2018\/11\/shutterstock_662951170-1024x683.jpg","thumbnail_width":1024,"thumbnail_height":683,"description":"Los ciudadanos reclaman vivamente ser tenidos en cuenta m\u00e1s all\u00e1 y m\u00e1s ac\u00e1 de las rondas de elecciones que tienen lugar peri\u00f3dicamente y, aunque las protestas son dif\u00edciles de mantener en el tiempo constituyen, sin duda ya, un hecho pol\u00edtico de la nueva \u00e9poca."}